{"id":25013,"date":"2024-12-11T08:50:47","date_gmt":"2024-12-11T07:50:47","guid":{"rendered":"https:\/\/voice.global\/?post_type=time-stamp&#038;p=25013"},"modified":"2024-12-11T08:50:47","modified_gmt":"2024-12-11T07:50:47","slug":"reunion-de-global-voice-apres-les-blocages-de-la-pandemie","status":"publish","type":"time-stamp","link":"https:\/\/voice.global\/fr\/time-stamp\/reunion-de-global-voice-apres-les-blocages-de-la-pandemie\/","title":{"rendered":"R\u00e9union de Global Voice apr\u00e8s les blocages de la pand\u00e9mie"},"content":{"rendered":"\n<p>Apr\u00e8s deux ann\u00e9es de r\u00e9unions, d&rsquo;activit\u00e9s et d&rsquo;initiatives en ligne, l&rsquo;\u00e9quipe de Global Voice a enfin pu tenir sa r\u00e9union annuelle en personne ! Elle s&rsquo;est tenue \u00e0 Siem Reap, au Cambodge, et les discussions ont port\u00e9 sur la poursuite du programme apr\u00e8s la \u00ab nouvelle normalit\u00e9 \u00bb, sur le suivi des le\u00e7ons apprises et sur la fin du programme.<\/p>\n","protected":false},"featured_media":25586,"template":"","class_list":["post-25013","time-stamp","type-time-stamp","status-publish","has-post-thumbnail","hentry"],"yoast_head":"<!-- This site is optimized with the Yoast SEO plugin v27.4 - https:\/\/yoast.com\/product\/yoast-seo-wordpress\/ -->\n<title>R\u00e9union de Global Voice apr\u00e8s les blocages de la pand\u00e9mie - Voice.Global<\/title>\n<meta name=\"robots\" content=\"index, follow, max-snippet:-1, max-image-preview:large, max-video-preview:-1\" \/>\n<link rel=\"canonical\" href=\"https:\/\/voice.global\/fr\/time-stamp\/reunion-de-global-voice-apres-les-blocages-de-la-pandemie\/\" \/>\n<meta property=\"og:locale\" content=\"fr_FR\" \/>\n<meta property=\"og:type\" content=\"article\" \/>\n<meta property=\"og:title\" content=\"R\u00e9union de Global Voice apr\u00e8s les blocages de la pand\u00e9mie - Voice.Global\" \/>\n<meta property=\"og:description\" content=\"Apr\u00e8s deux ann\u00e9es de r\u00e9unions, d&rsquo;activit\u00e9s et d&rsquo;initiatives en ligne, l&rsquo;\u00e9quipe de Global Voice a enfin pu tenir sa r\u00e9union annuelle en personne ! Elle s&rsquo;est tenue \u00e0 Siem Reap, au Cambodge, et les discussions ont port\u00e9 sur la poursuite du programme apr\u00e8s la \u00ab nouvelle normalit\u00e9 \u00bb, sur le suivi des le\u00e7ons apprises et [&hellip;]\" \/>\n<meta property=\"og:url\" content=\"https:\/\/voice.global\/fr\/time-stamp\/reunion-de-global-voice-apres-les-blocages-de-la-pandemie\/\" \/>\n<meta property=\"og:site_name\" content=\"Voice.Global\" \/>\n<meta property=\"og:image\" content=\"https:\/\/voice.global\/assets\/2024\/12\/Voice-folks-enjoying-a-night-with-grantee-partners-from-Cambodia.jpeg\" \/>\n\t<meta property=\"og:image:width\" content=\"1280\" \/>\n\t<meta property=\"og:image:height\" content=\"728\" \/>\n\t<meta property=\"og:image:type\" content=\"image\/jpeg\" \/>\n<meta name=\"twitter:card\" content=\"summary_large_image\" \/>\n<meta name=\"twitter:label1\" content=\"Dur\u00e9e de lecture estim\u00e9e\" \/>\n\t<meta name=\"twitter:data1\" content=\"1 minute\" \/>\n<script type=\"application\/ld+json\" class=\"yoast-schema-graph\">{\"@context\":\"https:\\\/\\\/schema.org\",\"@graph\":[{\"@type\":\"WebPage\",\"@id\":\"https:\\\/\\\/voice.global\\\/fr\\\/time-stamp\\\/reunion-de-global-voice-apres-les-blocages-de-la-pandemie\\\/\",\"url\":\"https:\\\/\\\/voice.global\\\/fr\\\/time-stamp\\\/reunion-de-global-voice-apres-les-blocages-de-la-pandemie\\\/\",\"name\":\"R\u00e9union de Global Voice apr\u00e8s les blocages de la pand\u00e9mie - Voice.Global\",\"isPartOf\":{\"@id\":\"https:\\\/\\\/voice.global\\\/#website\"},\"primaryImageOfPage\":{\"@id\":\"https:\\\/\\\/voice.global\\\/fr\\\/time-stamp\\\/reunion-de-global-voice-apres-les-blocages-de-la-pandemie\\\/#primaryimage\"},\"image\":{\"@id\":\"https:\\\/\\\/voice.global\\\/fr\\\/time-stamp\\\/reunion-de-global-voice-apres-les-blocages-de-la-pandemie\\\/#primaryimage\"},\"thumbnailUrl\":\"https:\\\/\\\/voice.global\\\/assets\\\/2024\\\/12\\\/Voice-folks-enjoying-a-night-with-grantee-partners-from-Cambodia.jpeg\",\"datePublished\":\"2024-12-11T07:50:47+00:00\",\"breadcrumb\":{\"@id\":\"https:\\\/\\\/voice.global\\\/fr\\\/time-stamp\\\/reunion-de-global-voice-apres-les-blocages-de-la-pandemie\\\/#breadcrumb\"},\"inLanguage\":\"fr-FR\",\"potentialAction\":[{\"@type\":\"ReadAction\",\"target\":[\"https:\\\/\\\/voice.global\\\/fr\\\/time-stamp\\\/reunion-de-global-voice-apres-les-blocages-de-la-pandemie\\\/\"]}]},{\"@type\":\"ImageObject\",\"inLanguage\":\"fr-FR\",\"@id\":\"https:\\\/\\\/voice.global\\\/fr\\\/time-stamp\\\/reunion-de-global-voice-apres-les-blocages-de-la-pandemie\\\/#primaryimage\",\"url\":\"https:\\\/\\\/voice.global\\\/assets\\\/2024\\\/12\\\/Voice-folks-enjoying-a-night-with-grantee-partners-from-Cambodia.jpeg\",\"contentUrl\":\"https:\\\/\\\/voice.global\\\/assets\\\/2024\\\/12\\\/Voice-folks-enjoying-a-night-with-grantee-partners-from-Cambodia.jpeg\",\"width\":1280,\"height\":728},{\"@type\":\"BreadcrumbList\",\"@id\":\"https:\\\/\\\/voice.global\\\/fr\\\/time-stamp\\\/reunion-de-global-voice-apres-les-blocages-de-la-pandemie\\\/#breadcrumb\",\"itemListElement\":[{\"@type\":\"ListItem\",\"position\":1,\"name\":\"Home\",\"item\":\"https:\\\/\\\/voice.global\\\/fr\\\/\"},{\"@type\":\"ListItem\",\"position\":2,\"name\":\"Time stamps\",\"item\":\"https:\\\/\\\/voice.global\\\/fr\\\/time-stamp\\\/\"},{\"@type\":\"ListItem\",\"position\":3,\"name\":\"R\u00e9union de Global Voice apr\u00e8s les blocages de la pand\u00e9mie\"}]},{\"@type\":\"WebSite\",\"@id\":\"https:\\\/\\\/voice.global\\\/#website\",\"url\":\"https:\\\/\\\/voice.global\\\/\",\"name\":\"Voice.Global\",\"description\":\"Include - Innovate - Influence\",\"potentialAction\":[{\"@type\":\"SearchAction\",\"target\":{\"@type\":\"EntryPoint\",\"urlTemplate\":\"https:\\\/\\\/voice.global\\\/?s={search_term_string}\"},\"query-input\":{\"@type\":\"PropertyValueSpecification\",\"valueRequired\":true,\"valueName\":\"search_term_string\"}}],\"inLanguage\":\"fr-FR\"}]}<\/script>\n<!-- \/ Yoast SEO plugin. -->","yoast_head_json":{"title":"R\u00e9union de Global Voice apr\u00e8s les blocages de la pand\u00e9mie - Voice.Global","robots":{"index":"index","follow":"follow","max-snippet":"max-snippet:-1","max-image-preview":"max-image-preview:large","max-video-preview":"max-video-preview:-1"},"canonical":"https:\/\/voice.global\/fr\/time-stamp\/reunion-de-global-voice-apres-les-blocages-de-la-pandemie\/","og_locale":"fr_FR","og_type":"article","og_title":"R\u00e9union de Global Voice apr\u00e8s les blocages de la pand\u00e9mie - Voice.Global","og_description":"Apr\u00e8s deux ann\u00e9es de r\u00e9unions, d&rsquo;activit\u00e9s et d&rsquo;initiatives en ligne, l&rsquo;\u00e9quipe de Global Voice a enfin pu tenir sa r\u00e9union annuelle en personne ! Elle s&rsquo;est tenue \u00e0 Siem Reap, au Cambodge, et les discussions ont port\u00e9 sur la poursuite du programme apr\u00e8s la \u00ab nouvelle normalit\u00e9 \u00bb, sur le suivi des le\u00e7ons apprises et [&hellip;]","og_url":"https:\/\/voice.global\/fr\/time-stamp\/reunion-de-global-voice-apres-les-blocages-de-la-pandemie\/","og_site_name":"Voice.Global","og_image":[{"width":1280,"height":728,"url":"https:\/\/voice.global\/assets\/2024\/12\/Voice-folks-enjoying-a-night-with-grantee-partners-from-Cambodia.jpeg","type":"image\/jpeg"}],"twitter_card":"summary_large_image","twitter_misc":{"Dur\u00e9e de lecture estim\u00e9e":"1 minute"},"schema":{"@context":"https:\/\/schema.org","@graph":[{"@type":"WebPage","@id":"https:\/\/voice.global\/fr\/time-stamp\/reunion-de-global-voice-apres-les-blocages-de-la-pandemie\/","url":"https:\/\/voice.global\/fr\/time-stamp\/reunion-de-global-voice-apres-les-blocages-de-la-pandemie\/","name":"R\u00e9union de Global Voice apr\u00e8s les blocages de la pand\u00e9mie - Voice.Global","isPartOf":{"@id":"https:\/\/voice.global\/#website"},"primaryImageOfPage":{"@id":"https:\/\/voice.global\/fr\/time-stamp\/reunion-de-global-voice-apres-les-blocages-de-la-pandemie\/#primaryimage"},"image":{"@id":"https:\/\/voice.global\/fr\/time-stamp\/reunion-de-global-voice-apres-les-blocages-de-la-pandemie\/#primaryimage"},"thumbnailUrl":"https:\/\/voice.global\/assets\/2024\/12\/Voice-folks-enjoying-a-night-with-grantee-partners-from-Cambodia.jpeg","datePublished":"2024-12-11T07:50:47+00:00","breadcrumb":{"@id":"https:\/\/voice.global\/fr\/time-stamp\/reunion-de-global-voice-apres-les-blocages-de-la-pandemie\/#breadcrumb"},"inLanguage":"fr-FR","potentialAction":[{"@type":"ReadAction","target":["https:\/\/voice.global\/fr\/time-stamp\/reunion-de-global-voice-apres-les-blocages-de-la-pandemie\/"]}]},{"@type":"ImageObject","inLanguage":"fr-FR","@id":"https:\/\/voice.global\/fr\/time-stamp\/reunion-de-global-voice-apres-les-blocages-de-la-pandemie\/#primaryimage","url":"https:\/\/voice.global\/assets\/2024\/12\/Voice-folks-enjoying-a-night-with-grantee-partners-from-Cambodia.jpeg","contentUrl":"https:\/\/voice.global\/assets\/2024\/12\/Voice-folks-enjoying-a-night-with-grantee-partners-from-Cambodia.jpeg","width":1280,"height":728},{"@type":"BreadcrumbList","@id":"https:\/\/voice.global\/fr\/time-stamp\/reunion-de-global-voice-apres-les-blocages-de-la-pandemie\/#breadcrumb","itemListElement":[{"@type":"ListItem","position":1,"name":"Home","item":"https:\/\/voice.global\/fr\/"},{"@type":"ListItem","position":2,"name":"Time stamps","item":"https:\/\/voice.global\/fr\/time-stamp\/"},{"@type":"ListItem","position":3,"name":"R\u00e9union de Global Voice apr\u00e8s les blocages de la pand\u00e9mie"}]},{"@type":"WebSite","@id":"https:\/\/voice.global\/#website","url":"https:\/\/voice.global\/","name":"Voice.Global","description":"Include - Innovate - Influence","potentialAction":[{"@type":"SearchAction","target":{"@type":"EntryPoint","urlTemplate":"https:\/\/voice.global\/?s={search_term_string}"},"query-input":{"@type":"PropertyValueSpecification","valueRequired":true,"valueName":"search_term_string"}}],"inLanguage":"fr-FR"}]}},"_links":{"self":[{"href":"https:\/\/voice.global\/fr\/wp-json\/wp\/v2\/time-stamp\/25013","targetHints":{"allow":["GET"]}}],"collection":[{"href":"https:\/\/voice.global\/fr\/wp-json\/wp\/v2\/time-stamp"}],"about":[{"href":"https:\/\/voice.global\/fr\/wp-json\/wp\/v2\/types\/time-stamp"}],"wp:featuredmedia":[{"embeddable":true,"href":"https:\/\/voice.global\/fr\/wp-json\/wp\/v2\/media\/25586"}],"wp:attachment":[{"href":"https:\/\/voice.global\/fr\/wp-json\/wp\/v2\/media?parent=25013"}],"curies":[{"name":"wp","href":"https:\/\/api.w.org\/{rel}","templated":true}]}}