{"id":25011,"date":"2024-12-11T08:49:51","date_gmt":"2024-12-11T07:49:51","guid":{"rendered":"https:\/\/voice.global\/?post_type=time-stamp&#038;p=25011"},"modified":"2024-12-11T08:49:51","modified_gmt":"2024-12-11T07:49:51","slug":"preparation-de-la-phase-dextension-dans-le-contexte-de-la-pandemie-de-covid-19","status":"publish","type":"time-stamp","link":"https:\/\/voice.global\/fr\/time-stamp\/preparation-de-la-phase-dextension-dans-le-contexte-de-la-pandemie-de-covid-19\/","title":{"rendered":"Pr\u00e9paration de la phase d&rsquo;extension dans le contexte de la pand\u00e9mie de COVID-19"},"content":{"rendered":"\n<p>L&rsquo;ann\u00e9e 2020 a \u00e9t\u00e9 une ann\u00e9e de grandes man\u0153uvres. Elle a commenc\u00e9 sur une note positive, le minist\u00e8re n\u00e9erlandais des affaires \u00e9trang\u00e8res ayant approuv\u00e9 la poursuite du programme pour trois ann\u00e9es suppl\u00e9mentaires \u00e0 la suite d&rsquo;un examen \u00e0 mi-parcours positif. L&rsquo;examen \u00e0 mi-parcours de Voice en tant que programme a \u00e9t\u00e9 finalis\u00e9 \u00e0 point nomm\u00e9, dans un contexte tr\u00e8s changeant en raison de la pand\u00e9mie de COVID-19. Voice a non seulement chang\u00e9 de vitesse en mati\u00e8re d&rsquo;octroi de subventions, de liens et d&rsquo;apprentissage, et d&rsquo;op\u00e9rations sur la base des recommandations, mais aussi dans sa mani\u00e8re g\u00e9n\u00e9rale de travailler suite aux restrictions de sant\u00e9 et de mobilit\u00e9 caus\u00e9es par la pand\u00e9mie, et aux changements globaux du contexte sociopolitique qu&rsquo;elle a entra\u00een\u00e9s.<\/p>\n","protected":false},"featured_media":24987,"template":"","class_list":["post-25011","time-stamp","type-time-stamp","status-publish","has-post-thumbnail","hentry"],"yoast_head":"<!-- This site is optimized with the Yoast SEO plugin v27.4 - https:\/\/yoast.com\/product\/yoast-seo-wordpress\/ -->\n<title>Pr\u00e9paration de la phase d&#039;extension dans le contexte de la pand\u00e9mie de COVID-19 - Voice.Global<\/title>\n<meta name=\"robots\" content=\"index, follow, max-snippet:-1, max-image-preview:large, max-video-preview:-1\" \/>\n<link rel=\"canonical\" href=\"https:\/\/voice.global\/fr\/time-stamp\/preparation-de-la-phase-dextension-dans-le-contexte-de-la-pandemie-de-covid-19\/\" \/>\n<meta property=\"og:locale\" content=\"fr_FR\" \/>\n<meta property=\"og:type\" content=\"article\" \/>\n<meta property=\"og:title\" content=\"Pr\u00e9paration de la phase d&#039;extension dans le contexte de la pand\u00e9mie de COVID-19 - Voice.Global\" \/>\n<meta property=\"og:description\" content=\"L&rsquo;ann\u00e9e 2020 a \u00e9t\u00e9 une ann\u00e9e de grandes man\u0153uvres. Elle a commenc\u00e9 sur une note positive, le minist\u00e8re n\u00e9erlandais des affaires \u00e9trang\u00e8res ayant approuv\u00e9 la poursuite du programme pour trois ann\u00e9es suppl\u00e9mentaires \u00e0 la suite d&rsquo;un examen \u00e0 mi-parcours positif. L&rsquo;examen \u00e0 mi-parcours de Voice en tant que programme a \u00e9t\u00e9 finalis\u00e9 \u00e0 point nomm\u00e9, [&hellip;]\" \/>\n<meta property=\"og:url\" content=\"https:\/\/voice.global\/fr\/time-stamp\/preparation-de-la-phase-dextension-dans-le-contexte-de-la-pandemie-de-covid-19\/\" \/>\n<meta property=\"og:site_name\" content=\"Voice.Global\" \/>\n<meta property=\"og:image\" content=\"https:\/\/voice.global\/assets\/2024\/12\/Image-4.jpg\" \/>\n\t<meta property=\"og:image:width\" content=\"768\" \/>\n\t<meta property=\"og:image:height\" content=\"1024\" \/>\n\t<meta property=\"og:image:type\" content=\"image\/jpeg\" \/>\n<meta name=\"twitter:card\" content=\"summary_large_image\" \/>\n<meta name=\"twitter:label1\" content=\"Dur\u00e9e de lecture estim\u00e9e\" \/>\n\t<meta name=\"twitter:data1\" content=\"1 minute\" \/>\n<script type=\"application\/ld+json\" class=\"yoast-schema-graph\">{\"@context\":\"https:\\\/\\\/schema.org\",\"@graph\":[{\"@type\":\"WebPage\",\"@id\":\"https:\\\/\\\/voice.global\\\/fr\\\/time-stamp\\\/preparation-de-la-phase-dextension-dans-le-contexte-de-la-pandemie-de-covid-19\\\/\",\"url\":\"https:\\\/\\\/voice.global\\\/fr\\\/time-stamp\\\/preparation-de-la-phase-dextension-dans-le-contexte-de-la-pandemie-de-covid-19\\\/\",\"name\":\"Pr\u00e9paration de la phase d'extension dans le contexte de la pand\u00e9mie de COVID-19 - Voice.Global\",\"isPartOf\":{\"@id\":\"https:\\\/\\\/voice.global\\\/#website\"},\"primaryImageOfPage\":{\"@id\":\"https:\\\/\\\/voice.global\\\/fr\\\/time-stamp\\\/preparation-de-la-phase-dextension-dans-le-contexte-de-la-pandemie-de-covid-19\\\/#primaryimage\"},\"image\":{\"@id\":\"https:\\\/\\\/voice.global\\\/fr\\\/time-stamp\\\/preparation-de-la-phase-dextension-dans-le-contexte-de-la-pandemie-de-covid-19\\\/#primaryimage\"},\"thumbnailUrl\":\"https:\\\/\\\/voice.global\\\/assets\\\/2024\\\/12\\\/Image-4.jpg\",\"datePublished\":\"2024-12-11T07:49:51+00:00\",\"breadcrumb\":{\"@id\":\"https:\\\/\\\/voice.global\\\/fr\\\/time-stamp\\\/preparation-de-la-phase-dextension-dans-le-contexte-de-la-pandemie-de-covid-19\\\/#breadcrumb\"},\"inLanguage\":\"fr-FR\",\"potentialAction\":[{\"@type\":\"ReadAction\",\"target\":[\"https:\\\/\\\/voice.global\\\/fr\\\/time-stamp\\\/preparation-de-la-phase-dextension-dans-le-contexte-de-la-pandemie-de-covid-19\\\/\"]}]},{\"@type\":\"ImageObject\",\"inLanguage\":\"fr-FR\",\"@id\":\"https:\\\/\\\/voice.global\\\/fr\\\/time-stamp\\\/preparation-de-la-phase-dextension-dans-le-contexte-de-la-pandemie-de-covid-19\\\/#primaryimage\",\"url\":\"https:\\\/\\\/voice.global\\\/assets\\\/2024\\\/12\\\/Image-4.jpg\",\"contentUrl\":\"https:\\\/\\\/voice.global\\\/assets\\\/2024\\\/12\\\/Image-4.jpg\",\"width\":768,\"height\":1024},{\"@type\":\"BreadcrumbList\",\"@id\":\"https:\\\/\\\/voice.global\\\/fr\\\/time-stamp\\\/preparation-de-la-phase-dextension-dans-le-contexte-de-la-pandemie-de-covid-19\\\/#breadcrumb\",\"itemListElement\":[{\"@type\":\"ListItem\",\"position\":1,\"name\":\"Home\",\"item\":\"https:\\\/\\\/voice.global\\\/fr\\\/\"},{\"@type\":\"ListItem\",\"position\":2,\"name\":\"Time stamps\",\"item\":\"https:\\\/\\\/voice.global\\\/fr\\\/time-stamp\\\/\"},{\"@type\":\"ListItem\",\"position\":3,\"name\":\"Pr\u00e9paration de la phase d&rsquo;extension dans le contexte de la pand\u00e9mie de COVID-19\"}]},{\"@type\":\"WebSite\",\"@id\":\"https:\\\/\\\/voice.global\\\/#website\",\"url\":\"https:\\\/\\\/voice.global\\\/\",\"name\":\"Voice.Global\",\"description\":\"Include - Innovate - Influence\",\"potentialAction\":[{\"@type\":\"SearchAction\",\"target\":{\"@type\":\"EntryPoint\",\"urlTemplate\":\"https:\\\/\\\/voice.global\\\/?s={search_term_string}\"},\"query-input\":{\"@type\":\"PropertyValueSpecification\",\"valueRequired\":true,\"valueName\":\"search_term_string\"}}],\"inLanguage\":\"fr-FR\"}]}<\/script>\n<!-- \/ Yoast SEO plugin. -->","yoast_head_json":{"title":"Pr\u00e9paration de la phase d'extension dans le contexte de la pand\u00e9mie de COVID-19 - Voice.Global","robots":{"index":"index","follow":"follow","max-snippet":"max-snippet:-1","max-image-preview":"max-image-preview:large","max-video-preview":"max-video-preview:-1"},"canonical":"https:\/\/voice.global\/fr\/time-stamp\/preparation-de-la-phase-dextension-dans-le-contexte-de-la-pandemie-de-covid-19\/","og_locale":"fr_FR","og_type":"article","og_title":"Pr\u00e9paration de la phase d'extension dans le contexte de la pand\u00e9mie de COVID-19 - Voice.Global","og_description":"L&rsquo;ann\u00e9e 2020 a \u00e9t\u00e9 une ann\u00e9e de grandes man\u0153uvres. Elle a commenc\u00e9 sur une note positive, le minist\u00e8re n\u00e9erlandais des affaires \u00e9trang\u00e8res ayant approuv\u00e9 la poursuite du programme pour trois ann\u00e9es suppl\u00e9mentaires \u00e0 la suite d&rsquo;un examen \u00e0 mi-parcours positif. L&rsquo;examen \u00e0 mi-parcours de Voice en tant que programme a \u00e9t\u00e9 finalis\u00e9 \u00e0 point nomm\u00e9, [&hellip;]","og_url":"https:\/\/voice.global\/fr\/time-stamp\/preparation-de-la-phase-dextension-dans-le-contexte-de-la-pandemie-de-covid-19\/","og_site_name":"Voice.Global","og_image":[{"width":768,"height":1024,"url":"https:\/\/voice.global\/assets\/2024\/12\/Image-4.jpg","type":"image\/jpeg"}],"twitter_card":"summary_large_image","twitter_misc":{"Dur\u00e9e de lecture estim\u00e9e":"1 minute"},"schema":{"@context":"https:\/\/schema.org","@graph":[{"@type":"WebPage","@id":"https:\/\/voice.global\/fr\/time-stamp\/preparation-de-la-phase-dextension-dans-le-contexte-de-la-pandemie-de-covid-19\/","url":"https:\/\/voice.global\/fr\/time-stamp\/preparation-de-la-phase-dextension-dans-le-contexte-de-la-pandemie-de-covid-19\/","name":"Pr\u00e9paration de la phase d'extension dans le contexte de la pand\u00e9mie de COVID-19 - Voice.Global","isPartOf":{"@id":"https:\/\/voice.global\/#website"},"primaryImageOfPage":{"@id":"https:\/\/voice.global\/fr\/time-stamp\/preparation-de-la-phase-dextension-dans-le-contexte-de-la-pandemie-de-covid-19\/#primaryimage"},"image":{"@id":"https:\/\/voice.global\/fr\/time-stamp\/preparation-de-la-phase-dextension-dans-le-contexte-de-la-pandemie-de-covid-19\/#primaryimage"},"thumbnailUrl":"https:\/\/voice.global\/assets\/2024\/12\/Image-4.jpg","datePublished":"2024-12-11T07:49:51+00:00","breadcrumb":{"@id":"https:\/\/voice.global\/fr\/time-stamp\/preparation-de-la-phase-dextension-dans-le-contexte-de-la-pandemie-de-covid-19\/#breadcrumb"},"inLanguage":"fr-FR","potentialAction":[{"@type":"ReadAction","target":["https:\/\/voice.global\/fr\/time-stamp\/preparation-de-la-phase-dextension-dans-le-contexte-de-la-pandemie-de-covid-19\/"]}]},{"@type":"ImageObject","inLanguage":"fr-FR","@id":"https:\/\/voice.global\/fr\/time-stamp\/preparation-de-la-phase-dextension-dans-le-contexte-de-la-pandemie-de-covid-19\/#primaryimage","url":"https:\/\/voice.global\/assets\/2024\/12\/Image-4.jpg","contentUrl":"https:\/\/voice.global\/assets\/2024\/12\/Image-4.jpg","width":768,"height":1024},{"@type":"BreadcrumbList","@id":"https:\/\/voice.global\/fr\/time-stamp\/preparation-de-la-phase-dextension-dans-le-contexte-de-la-pandemie-de-covid-19\/#breadcrumb","itemListElement":[{"@type":"ListItem","position":1,"name":"Home","item":"https:\/\/voice.global\/fr\/"},{"@type":"ListItem","position":2,"name":"Time stamps","item":"https:\/\/voice.global\/fr\/time-stamp\/"},{"@type":"ListItem","position":3,"name":"Pr\u00e9paration de la phase d&rsquo;extension dans le contexte de la pand\u00e9mie de COVID-19"}]},{"@type":"WebSite","@id":"https:\/\/voice.global\/#website","url":"https:\/\/voice.global\/","name":"Voice.Global","description":"Include - Innovate - Influence","potentialAction":[{"@type":"SearchAction","target":{"@type":"EntryPoint","urlTemplate":"https:\/\/voice.global\/?s={search_term_string}"},"query-input":{"@type":"PropertyValueSpecification","valueRequired":true,"valueName":"search_term_string"}}],"inLanguage":"fr-FR"}]}},"_links":{"self":[{"href":"https:\/\/voice.global\/fr\/wp-json\/wp\/v2\/time-stamp\/25011","targetHints":{"allow":["GET"]}}],"collection":[{"href":"https:\/\/voice.global\/fr\/wp-json\/wp\/v2\/time-stamp"}],"about":[{"href":"https:\/\/voice.global\/fr\/wp-json\/wp\/v2\/types\/time-stamp"}],"wp:featuredmedia":[{"embeddable":true,"href":"https:\/\/voice.global\/fr\/wp-json\/wp\/v2\/media\/24987"}],"wp:attachment":[{"href":"https:\/\/voice.global\/fr\/wp-json\/wp\/v2\/media?parent=25011"}],"curies":[{"name":"wp","href":"https:\/\/api.w.org\/{rel}","templated":true}]}}