{"id":25010,"date":"2024-12-11T08:49:27","date_gmt":"2024-12-11T07:49:27","guid":{"rendered":"https:\/\/voice.global\/?post_type=time-stamp&#038;p=25010"},"modified":"2024-12-11T08:49:28","modified_gmt":"2024-12-11T07:49:28","slug":"echange-de-connaissances-mondial","status":"publish","type":"time-stamp","link":"https:\/\/voice.global\/fr\/time-stamp\/echange-de-connaissances-mondial\/","title":{"rendered":"\u00c9change de connaissances mondial\u00a0"},"content":{"rendered":"\n<p>Le premier \u00e9change de connaissances s&rsquo;est tenu \u00e0 Baguio City, aux Philippines, sur le th\u00e8me \u00ab Indigenous Women Rising \u00bb (les femmes autochtones s&rsquo;\u00e9l\u00e8vent). Les initiatives d&rsquo;\u00e9change de connaissances de Voice ont pour but d&rsquo;approfondir les questions d&rsquo;apprentissage et de partager les exp\u00e9riences sur les initiatives des d\u00e9tenteurs de droits, en ouvrant des espaces pour des collaborations plus intersectionnelles. Lors de cette premi\u00e8re \u00e9dition, les participants se sont pench\u00e9s sur la persistance du leadership des femmes indig\u00e8nes, les d\u00e9fis et les aspirations futures des femmes leaders. Dans les ann\u00e9es \u00e0 venir, d&rsquo;autres \u00e9changes de connaissances ont \u00e9t\u00e9 organis\u00e9s aux niveaux mondial et r\u00e9gional.<\/p>\n","protected":false},"featured_media":25579,"template":"","class_list":["post-25010","time-stamp","type-time-stamp","status-publish","has-post-thumbnail","hentry"],"yoast_head":"<!-- This site is optimized with the Yoast SEO plugin v27.4 - https:\/\/yoast.com\/product\/yoast-seo-wordpress\/ -->\n<title>\u00c9change de connaissances mondial\u00a0 - Voice.Global<\/title>\n<meta name=\"robots\" content=\"index, follow, max-snippet:-1, max-image-preview:large, max-video-preview:-1\" \/>\n<link rel=\"canonical\" href=\"https:\/\/voice.global\/fr\/time-stamp\/echange-de-connaissances-mondial\/\" \/>\n<meta property=\"og:locale\" content=\"fr_FR\" \/>\n<meta property=\"og:type\" content=\"article\" \/>\n<meta property=\"og:title\" content=\"\u00c9change de connaissances mondial\u00a0 - Voice.Global\" \/>\n<meta property=\"og:description\" content=\"Le premier \u00e9change de connaissances s&rsquo;est tenu \u00e0 Baguio City, aux Philippines, sur le th\u00e8me \u00ab Indigenous Women Rising \u00bb (les femmes autochtones s&rsquo;\u00e9l\u00e8vent). Les initiatives d&rsquo;\u00e9change de connaissances de Voice ont pour but d&rsquo;approfondir les questions d&rsquo;apprentissage et de partager les exp\u00e9riences sur les initiatives des d\u00e9tenteurs de droits, en ouvrant des espaces pour [&hellip;]\" \/>\n<meta property=\"og:url\" content=\"https:\/\/voice.global\/fr\/time-stamp\/echange-de-connaissances-mondial\/\" \/>\n<meta property=\"og:site_name\" content=\"Voice.Global\" \/>\n<meta property=\"article:modified_time\" content=\"2024-12-11T07:49:28+00:00\" \/>\n<meta property=\"og:image\" content=\"https:\/\/voice.global\/assets\/2024\/12\/Participants-of-the-Indigenous-Women-Rising-Knowledge-Exchange-in-the-Philippines-in-2019-1024x683.jpg\" \/>\n\t<meta property=\"og:image:width\" content=\"1024\" \/>\n\t<meta property=\"og:image:height\" content=\"683\" \/>\n\t<meta property=\"og:image:type\" content=\"image\/jpeg\" \/>\n<meta name=\"twitter:card\" content=\"summary_large_image\" \/>\n<meta name=\"twitter:label1\" content=\"Dur\u00e9e de lecture estim\u00e9e\" \/>\n\t<meta name=\"twitter:data1\" content=\"1 minute\" \/>\n<script type=\"application\/ld+json\" class=\"yoast-schema-graph\">{\"@context\":\"https:\\\/\\\/schema.org\",\"@graph\":[{\"@type\":\"WebPage\",\"@id\":\"https:\\\/\\\/voice.global\\\/fr\\\/time-stamp\\\/echange-de-connaissances-mondial\\\/\",\"url\":\"https:\\\/\\\/voice.global\\\/fr\\\/time-stamp\\\/echange-de-connaissances-mondial\\\/\",\"name\":\"\u00c9change de connaissances mondial\u00a0 - Voice.Global\",\"isPartOf\":{\"@id\":\"https:\\\/\\\/voice.global\\\/#website\"},\"primaryImageOfPage\":{\"@id\":\"https:\\\/\\\/voice.global\\\/fr\\\/time-stamp\\\/echange-de-connaissances-mondial\\\/#primaryimage\"},\"image\":{\"@id\":\"https:\\\/\\\/voice.global\\\/fr\\\/time-stamp\\\/echange-de-connaissances-mondial\\\/#primaryimage\"},\"thumbnailUrl\":\"https:\\\/\\\/voice.global\\\/assets\\\/2024\\\/12\\\/Participants-of-the-Indigenous-Women-Rising-Knowledge-Exchange-in-the-Philippines-in-2019-scaled.jpg\",\"datePublished\":\"2024-12-11T07:49:27+00:00\",\"dateModified\":\"2024-12-11T07:49:28+00:00\",\"breadcrumb\":{\"@id\":\"https:\\\/\\\/voice.global\\\/fr\\\/time-stamp\\\/echange-de-connaissances-mondial\\\/#breadcrumb\"},\"inLanguage\":\"fr-FR\",\"potentialAction\":[{\"@type\":\"ReadAction\",\"target\":[\"https:\\\/\\\/voice.global\\\/fr\\\/time-stamp\\\/echange-de-connaissances-mondial\\\/\"]}]},{\"@type\":\"ImageObject\",\"inLanguage\":\"fr-FR\",\"@id\":\"https:\\\/\\\/voice.global\\\/fr\\\/time-stamp\\\/echange-de-connaissances-mondial\\\/#primaryimage\",\"url\":\"https:\\\/\\\/voice.global\\\/assets\\\/2024\\\/12\\\/Participants-of-the-Indigenous-Women-Rising-Knowledge-Exchange-in-the-Philippines-in-2019-scaled.jpg\",\"contentUrl\":\"https:\\\/\\\/voice.global\\\/assets\\\/2024\\\/12\\\/Participants-of-the-Indigenous-Women-Rising-Knowledge-Exchange-in-the-Philippines-in-2019-scaled.jpg\",\"width\":2560,\"height\":1707},{\"@type\":\"BreadcrumbList\",\"@id\":\"https:\\\/\\\/voice.global\\\/fr\\\/time-stamp\\\/echange-de-connaissances-mondial\\\/#breadcrumb\",\"itemListElement\":[{\"@type\":\"ListItem\",\"position\":1,\"name\":\"Home\",\"item\":\"https:\\\/\\\/voice.global\\\/fr\\\/\"},{\"@type\":\"ListItem\",\"position\":2,\"name\":\"Time stamps\",\"item\":\"https:\\\/\\\/voice.global\\\/fr\\\/time-stamp\\\/\"},{\"@type\":\"ListItem\",\"position\":3,\"name\":\"\u00c9change de connaissances mondial\u00a0\"}]},{\"@type\":\"WebSite\",\"@id\":\"https:\\\/\\\/voice.global\\\/#website\",\"url\":\"https:\\\/\\\/voice.global\\\/\",\"name\":\"Voice.Global\",\"description\":\"Include - Innovate - Influence\",\"potentialAction\":[{\"@type\":\"SearchAction\",\"target\":{\"@type\":\"EntryPoint\",\"urlTemplate\":\"https:\\\/\\\/voice.global\\\/?s={search_term_string}\"},\"query-input\":{\"@type\":\"PropertyValueSpecification\",\"valueRequired\":true,\"valueName\":\"search_term_string\"}}],\"inLanguage\":\"fr-FR\"}]}<\/script>\n<!-- \/ Yoast SEO plugin. -->","yoast_head_json":{"title":"\u00c9change de connaissances mondial\u00a0 - Voice.Global","robots":{"index":"index","follow":"follow","max-snippet":"max-snippet:-1","max-image-preview":"max-image-preview:large","max-video-preview":"max-video-preview:-1"},"canonical":"https:\/\/voice.global\/fr\/time-stamp\/echange-de-connaissances-mondial\/","og_locale":"fr_FR","og_type":"article","og_title":"\u00c9change de connaissances mondial\u00a0 - Voice.Global","og_description":"Le premier \u00e9change de connaissances s&rsquo;est tenu \u00e0 Baguio City, aux Philippines, sur le th\u00e8me \u00ab Indigenous Women Rising \u00bb (les femmes autochtones s&rsquo;\u00e9l\u00e8vent). Les initiatives d&rsquo;\u00e9change de connaissances de Voice ont pour but d&rsquo;approfondir les questions d&rsquo;apprentissage et de partager les exp\u00e9riences sur les initiatives des d\u00e9tenteurs de droits, en ouvrant des espaces pour [&hellip;]","og_url":"https:\/\/voice.global\/fr\/time-stamp\/echange-de-connaissances-mondial\/","og_site_name":"Voice.Global","article_modified_time":"2024-12-11T07:49:28+00:00","og_image":[{"width":1024,"height":683,"url":"https:\/\/voice.global\/assets\/2024\/12\/Participants-of-the-Indigenous-Women-Rising-Knowledge-Exchange-in-the-Philippines-in-2019-1024x683.jpg","type":"image\/jpeg"}],"twitter_card":"summary_large_image","twitter_misc":{"Dur\u00e9e de lecture estim\u00e9e":"1 minute"},"schema":{"@context":"https:\/\/schema.org","@graph":[{"@type":"WebPage","@id":"https:\/\/voice.global\/fr\/time-stamp\/echange-de-connaissances-mondial\/","url":"https:\/\/voice.global\/fr\/time-stamp\/echange-de-connaissances-mondial\/","name":"\u00c9change de connaissances mondial\u00a0 - Voice.Global","isPartOf":{"@id":"https:\/\/voice.global\/#website"},"primaryImageOfPage":{"@id":"https:\/\/voice.global\/fr\/time-stamp\/echange-de-connaissances-mondial\/#primaryimage"},"image":{"@id":"https:\/\/voice.global\/fr\/time-stamp\/echange-de-connaissances-mondial\/#primaryimage"},"thumbnailUrl":"https:\/\/voice.global\/assets\/2024\/12\/Participants-of-the-Indigenous-Women-Rising-Knowledge-Exchange-in-the-Philippines-in-2019-scaled.jpg","datePublished":"2024-12-11T07:49:27+00:00","dateModified":"2024-12-11T07:49:28+00:00","breadcrumb":{"@id":"https:\/\/voice.global\/fr\/time-stamp\/echange-de-connaissances-mondial\/#breadcrumb"},"inLanguage":"fr-FR","potentialAction":[{"@type":"ReadAction","target":["https:\/\/voice.global\/fr\/time-stamp\/echange-de-connaissances-mondial\/"]}]},{"@type":"ImageObject","inLanguage":"fr-FR","@id":"https:\/\/voice.global\/fr\/time-stamp\/echange-de-connaissances-mondial\/#primaryimage","url":"https:\/\/voice.global\/assets\/2024\/12\/Participants-of-the-Indigenous-Women-Rising-Knowledge-Exchange-in-the-Philippines-in-2019-scaled.jpg","contentUrl":"https:\/\/voice.global\/assets\/2024\/12\/Participants-of-the-Indigenous-Women-Rising-Knowledge-Exchange-in-the-Philippines-in-2019-scaled.jpg","width":2560,"height":1707},{"@type":"BreadcrumbList","@id":"https:\/\/voice.global\/fr\/time-stamp\/echange-de-connaissances-mondial\/#breadcrumb","itemListElement":[{"@type":"ListItem","position":1,"name":"Home","item":"https:\/\/voice.global\/fr\/"},{"@type":"ListItem","position":2,"name":"Time stamps","item":"https:\/\/voice.global\/fr\/time-stamp\/"},{"@type":"ListItem","position":3,"name":"\u00c9change de connaissances mondial\u00a0"}]},{"@type":"WebSite","@id":"https:\/\/voice.global\/#website","url":"https:\/\/voice.global\/","name":"Voice.Global","description":"Include - Innovate - Influence","potentialAction":[{"@type":"SearchAction","target":{"@type":"EntryPoint","urlTemplate":"https:\/\/voice.global\/?s={search_term_string}"},"query-input":{"@type":"PropertyValueSpecification","valueRequired":true,"valueName":"search_term_string"}}],"inLanguage":"fr-FR"}]}},"_links":{"self":[{"href":"https:\/\/voice.global\/fr\/wp-json\/wp\/v2\/time-stamp\/25010","targetHints":{"allow":["GET"]}}],"collection":[{"href":"https:\/\/voice.global\/fr\/wp-json\/wp\/v2\/time-stamp"}],"about":[{"href":"https:\/\/voice.global\/fr\/wp-json\/wp\/v2\/types\/time-stamp"}],"wp:featuredmedia":[{"embeddable":true,"href":"https:\/\/voice.global\/fr\/wp-json\/wp\/v2\/media\/25579"}],"wp:attachment":[{"href":"https:\/\/voice.global\/fr\/wp-json\/wp\/v2\/media?parent=25010"}],"curies":[{"name":"wp","href":"https:\/\/api.w.org\/{rel}","templated":true}]}}