{"id":2419,"date":"2018-04-03T16:29:55","date_gmt":"2018-04-03T14:29:55","guid":{"rendered":"https:\/\/www.voice.global\/?page_id=2419"},"modified":"2021-09-30T12:24:15","modified_gmt":"2021-09-30T10:24:15","slug":"la-politique-et-le-processus-de-denonciation","status":"publish","type":"page","link":"https:\/\/voice.global\/fr\/la-politique-et-le-processus-de-denonciation\/","title":{"rendered":"POLITIQUE &#038; PROCESSUS DE DENONCIATION"},"content":{"rendered":"<p class=\"p1\"><span class=\"s1\">Voice s&rsquo;engage \u00e0 fournir un milieu rassurant remplis d&rsquo;int\u00e9grit\u00e9 et de respect pour TOUS les personnes ainsi que pour les ressources financi\u00e8res.<\/span><\/p>\n<p class=\"p1\"><span class=\"s1\">La valeur fondamentale de Voice est l&rsquo;\u00e9galit\u00e9 des droits pour chaque \u00eatre humain sans distinction de sexe, d&rsquo;origine ethnique, de religion, de handicap, d&rsquo;orientation sexuelle, de classe sociale et d&rsquo;\u00e2ge. De l&rsquo;avis de Voice, ce droit \u00e9gal ne peut \u00eatre exerc\u00e9 que lorsqu&rsquo;il existe un engagement total \u00e0 \u00eatre transparent et redevable vers Voice, les groupes cibles qui repr\u00e9sentent Voice et d&rsquo;autres parties-prenantes.<\/span><\/p>\n<p class=\"p1\"><span class=\"s1\">Cette politique de d\u00e9nonciation a pour but d&rsquo;encourager toute personne impliqu\u00e9e dans la mise en \u0153uvre de Voice et autres \u00e0 signaler des incidents -suspect\u00e9s ou r\u00e9els- frauduleux, contraires \u00e0 l&rsquo;\u00e9thique ou inappropri\u00e9s (y compris le comportements ou les pratiques non-\u00e9thiques comme le harc\u00e8lement sexuel) ou montrant faveurs indues sur des questions contractuelles sans r\u00e9tribution.<\/span><\/p>\n<p class=\"p1\"><span class=\"s1\"><b>VEUILLEZ NOTER <\/b>que cette politique ne vise pas \u00e0 remettre en question les d\u00e9cisions et la s\u00e9lection de subventions prises par Voice ni \u00e0 r\u00e9examiner les questions qui ont d\u00e9j\u00e0 \u00e9t\u00e9 trait\u00e9es dans le cadre d&rsquo;autres proc\u00e9dures de gestion des subventions au sein de Voice. \u00c0 cette fin, il existe un m\u00e9canisme de r\u00e9clamation pour lequel vous devez contacter l&rsquo;\u00e9quipe de pays concern\u00e9e.<\/span><\/p>\n<p class=\"p1\"><span class=\"s1\"><b>QUELLE EST LA DIFF\u00c9RENCE ENTRE FAIRE UNE PLAINTE ET TIRER LA SONNETTE?<\/b><\/span><\/p>\n<p class=\"p1\"><span class=\"s1\">Lorsque quelqu&rsquo;un tire la sonnette, il soul\u00e8ve une pr\u00e9occupation au sujet de la corruption, des pratiques contraires \u00e0 l&rsquo;\u00e9thique, du danger ou de l&rsquo;ill\u00e9galit\u00e9 qui affecte les autres (par exemple les partenaires, b\u00e9n\u00e9ficiaires, les parties prenantes plus larges ou leur employeur). La personne qui tire la sonnette n&rsquo;est habituellement pas affect\u00e9e directement par cela (il y des exceptions). Par cons\u00e9quent, le d\u00e9nonciateur a rarement un int\u00e9r\u00eat personnel \u00e0 l&rsquo;issue de toute enqu\u00eate sur leur pr\u00e9occupation &#8211; ils essaient simplement alerter les autres. Pour cette raison, on ne devrait pas s&rsquo;attendre \u00e0 ce que le d\u00e9nonciateur prouve la faute professionnelle. Il ou elle est un messager qui soul\u00e8ve une pr\u00e9occupation afin que les autres puissent y rem\u00e9dier.<\/span><\/p>\n<p class=\"p1\"><span class=\"s1\">C&rsquo;est tr\u00e8s diff\u00e9rent d&rsquo;une plainte. Quand quelqu&rsquo;un se plaint, il dit qu&rsquo;il ou elle a personnellement \u00e9t\u00e9 mal trait\u00e9. Ce mauvais traitement pourrait entra\u00eener une violation de leurs droits individuels en mati\u00e8re d&#8217;emploi ou de l&rsquo;intimidation et le plaignant cherche \u00e0 obtenir r\u00e9paration ou justice pour lui-m\u00eame. L&rsquo;auteur de la plainte a donc un int\u00e9r\u00eat direct dans l&rsquo;issue de la plainte et, pour cette raison, devrait \u00eatre en mesure de prouver son cas.<\/span><\/p>\n<p class=\"p1\"><span class=\"s1\">Pour ces raisons, il n&rsquo;est dans l&rsquo;int\u00e9r\u00eat de personne que cette politique de d\u00e9nonciation soit utilis\u00e9e pour poursuivre un grief personnel. Les deux partenaires du consortium au sein de Voice, Oxfam et Hivos, ont des proc\u00e9dures distinctes pour cela.<\/span><\/p>\n<p class=\"p1\"><span class=\"s1\"><b>PROCESSUS<\/b><\/span><\/p>\n<p class=\"p1\"><span class=\"s1\">Si vous souhaitez rapporter un incident ou a une preuve, ou une suspicion l\u00e9gitime, de pratiques contraires \u00e0 l&rsquo;\u00e9thique, inappropri\u00e9es et \/ ou corrompues au sein de l&rsquo;\u00e9quipe pays ou de coordination de Voice (bas\u00e9e dans les <\/span><a href=\"https:\/\/www.voice.global\/fr\/a-propos-de-nous\/coordonnees\/\"><span class=\"s2\">Bureaux de pays d&rsquo;Oxfam<\/span><\/a><span class=\"s1\"> ou dans <a href=\"http:\/\/www.voice.global\/contact\"><span class=\"s2\">les Bureaux R\u00e9gionaux Hivos<\/span><\/a>) ou au sein de ses <a href=\"https:\/\/www.voice.global\/fr\/grantees-overview\/\"><span class=\"s2\">partenaires,<\/span><\/a> signalez-les par les voies confidentiels suivants.\u00a0 Email: <a href=\"mailto:confidential@voice.global\"><span class=\"s2\">confidential@voice.global<\/span><\/a> , T\u00e9l\u00e9phone (Whatsapp et Signal): <span style=\"font-family: Times New Roman, serif;\"><span style=\"font-size: medium;\"><span style=\"color: #000000;\"><span style=\"font-family: Source Sans Pro Bold, serif;\"><span style=\"font-size: large;\"><b>+855 11 530 308.\u00a0<\/b><\/span><\/span><\/span><\/span><\/span><strong>Les informations peuvent \u00eatre transmises en anglais ou dans l&rsquo;une des principales langues de travail des pays cibl\u00e9s par Voice (Bahasa Indonesia, Khmer, Kiswahili, Lao, Tagalog et Fran\u00e7ais).<\/strong><\/span><\/p>\n<p class=\"p1\"><span class=\"s1\">Tous les rapports re\u00e7us feront l&rsquo;objet d&rsquo;une enqu\u00eate et, s&rsquo;ils sont corrobor\u00e9s, seront trait\u00e9s dans un d\u00e9lai raisonnable. Si votre pr\u00e9occupation implique un partenaire de<span class=\"Apple-converted-space\">\u00a0 <\/span>Voice, nous assurerons la liaison avec l&rsquo;\u00e9quipe de pays de Voice et \/ ou la direction du bureau d&rsquo;Hivos ou d&rsquo;Oxfam, en suivant les proc\u00e9dures de l&rsquo;organisation concern\u00e9e. Si votre pr\u00e9occupation concerne le fonctionnement de l&rsquo;\u00e9quipe de pays et\/ou de coordination de Voice et \/ ou de la direction du bureau concern\u00e9, le responsable du programme Voice au niveau mondial coordonnera l&rsquo;enqu\u00eate, conform\u00e9ment \u00e0 la politique et le processus de Hivos ou d&rsquo;Oxfam. Le responsable du programme Voice au niveau mondial sera \u00e9galement responsable de toute pr\u00e9occupation li\u00e9e aux partenaires de subventions multi-pays. Si la pr\u00e9occupation est directement li\u00e9e \u00e0 la performance et au fonctionnement du responsable du Programme Voice au niveau mondial, elle sera transmise au Comit\u00e9 de Pilotage de Voice. <\/span><\/p>\n<p class=\"p1\"><span class=\"s1\">Le lanceur d&rsquo;alerte peut signaler l&rsquo;\u00e9v\u00e9nement avec son identit\u00e9 ouverte ou anonyme. Dans tous les cas, Voice prot\u00e9gera votre identit\u00e9 en tant que d\u00e9nonciateur. Nous mettons en \u0153uvre une politique de z\u00e9ro-exposition afin de vous prot\u00e9ger en tant que source d&rsquo;information qui nous aide \u00e0 exposer et \u00e0 corriger les actes r\u00e9pr\u00e9hensibles. Le d\u00e9nonciateur devrait donc faire preuve de prudence pour assurer l&rsquo;exactitude de l&rsquo;information.<\/span><\/p>\n","protected":false},"excerpt":{"rendered":"<p>Voice s&rsquo;engage \u00e0 fournir un milieu rassurant remplis d&rsquo;int\u00e9grit\u00e9 et de respect pour TOUS les personnes ainsi que pour les ressources financi\u00e8res. La valeur fondamentale de Voice est l&rsquo;\u00e9galit\u00e9 des droits pour chaque \u00eatre humain sans distinction de sexe, d&rsquo;origine ethnique, de religion, de handicap, d&rsquo;orientation sexuelle, de classe sociale et d&rsquo;\u00e2ge. De l&rsquo;avis de [&hellip;]<\/p>\n","protected":false},"author":1,"featured_media":0,"parent":0,"menu_order":71,"comment_status":"closed","ping_status":"closed","template":"","meta":{"footnotes":""},"class_list":["post-2419","page","type-page","status-publish","hentry"],"yoast_head":"<!-- This site is optimized with the Yoast SEO plugin v27.4 - https:\/\/yoast.com\/product\/yoast-seo-wordpress\/ -->\n<title>POLITIQUE &amp; PROCESSUS DE DENONCIATION - Voice.Global<\/title>\n<meta name=\"robots\" content=\"index, follow, max-snippet:-1, max-image-preview:large, max-video-preview:-1\" \/>\n<link rel=\"canonical\" href=\"https:\/\/voice.global\/fr\/la-politique-et-le-processus-de-denonciation\/\" \/>\n<meta property=\"og:locale\" content=\"fr_FR\" \/>\n<meta property=\"og:type\" content=\"article\" \/>\n<meta property=\"og:title\" content=\"POLITIQUE &amp; PROCESSUS DE DENONCIATION - Voice.Global\" \/>\n<meta property=\"og:description\" content=\"Voice s&rsquo;engage \u00e0 fournir un milieu rassurant remplis d&rsquo;int\u00e9grit\u00e9 et de respect pour TOUS les personnes ainsi que pour les ressources financi\u00e8res. La valeur fondamentale de Voice est l&rsquo;\u00e9galit\u00e9 des droits pour chaque \u00eatre humain sans distinction de sexe, d&rsquo;origine ethnique, de religion, de handicap, d&rsquo;orientation sexuelle, de classe sociale et d&rsquo;\u00e2ge. De l&rsquo;avis de [&hellip;]\" \/>\n<meta property=\"og:url\" content=\"https:\/\/voice.global\/fr\/la-politique-et-le-processus-de-denonciation\/\" \/>\n<meta property=\"og:site_name\" content=\"Voice.Global\" \/>\n<meta property=\"article:modified_time\" content=\"2021-09-30T10:24:15+00:00\" \/>\n<meta name=\"twitter:card\" content=\"summary_large_image\" \/>\n<meta name=\"twitter:label1\" content=\"Dur\u00e9e de lecture estim\u00e9e\" \/>\n\t<meta name=\"twitter:data1\" content=\"4 minutes\" \/>\n<script type=\"application\/ld+json\" class=\"yoast-schema-graph\">{\"@context\":\"https:\\\/\\\/schema.org\",\"@graph\":[{\"@type\":\"WebPage\",\"@id\":\"https:\\\/\\\/voice.global\\\/fr\\\/la-politique-et-le-processus-de-denonciation\\\/\",\"url\":\"https:\\\/\\\/voice.global\\\/fr\\\/la-politique-et-le-processus-de-denonciation\\\/\",\"name\":\"POLITIQUE & PROCESSUS DE DENONCIATION - Voice.Global\",\"isPartOf\":{\"@id\":\"https:\\\/\\\/voice.global\\\/fr\\\/#website\"},\"datePublished\":\"2018-04-03T14:29:55+00:00\",\"dateModified\":\"2021-09-30T10:24:15+00:00\",\"breadcrumb\":{\"@id\":\"https:\\\/\\\/voice.global\\\/fr\\\/la-politique-et-le-processus-de-denonciation\\\/#breadcrumb\"},\"inLanguage\":\"fr-FR\",\"potentialAction\":[{\"@type\":\"ReadAction\",\"target\":[\"https:\\\/\\\/voice.global\\\/fr\\\/la-politique-et-le-processus-de-denonciation\\\/\"]}]},{\"@type\":\"BreadcrumbList\",\"@id\":\"https:\\\/\\\/voice.global\\\/fr\\\/la-politique-et-le-processus-de-denonciation\\\/#breadcrumb\",\"itemListElement\":[{\"@type\":\"ListItem\",\"position\":1,\"name\":\"Home\",\"item\":\"https:\\\/\\\/voice.global\\\/fr\\\/\"},{\"@type\":\"ListItem\",\"position\":2,\"name\":\"POLITIQUE &#038; PROCESSUS DE DENONCIATION\"}]},{\"@type\":\"WebSite\",\"@id\":\"https:\\\/\\\/voice.global\\\/fr\\\/#website\",\"url\":\"https:\\\/\\\/voice.global\\\/fr\\\/\",\"name\":\"Voice.Global\",\"description\":\"Include - Innovate - Influence\",\"potentialAction\":[{\"@type\":\"SearchAction\",\"target\":{\"@type\":\"EntryPoint\",\"urlTemplate\":\"https:\\\/\\\/voice.global\\\/fr\\\/?s={search_term_string}\"},\"query-input\":{\"@type\":\"PropertyValueSpecification\",\"valueRequired\":true,\"valueName\":\"search_term_string\"}}],\"inLanguage\":\"fr-FR\"}]}<\/script>\n<!-- \/ Yoast SEO plugin. -->","yoast_head_json":{"title":"POLITIQUE & PROCESSUS DE DENONCIATION - Voice.Global","robots":{"index":"index","follow":"follow","max-snippet":"max-snippet:-1","max-image-preview":"max-image-preview:large","max-video-preview":"max-video-preview:-1"},"canonical":"https:\/\/voice.global\/fr\/la-politique-et-le-processus-de-denonciation\/","og_locale":"fr_FR","og_type":"article","og_title":"POLITIQUE & PROCESSUS DE DENONCIATION - Voice.Global","og_description":"Voice s&rsquo;engage \u00e0 fournir un milieu rassurant remplis d&rsquo;int\u00e9grit\u00e9 et de respect pour TOUS les personnes ainsi que pour les ressources financi\u00e8res. La valeur fondamentale de Voice est l&rsquo;\u00e9galit\u00e9 des droits pour chaque \u00eatre humain sans distinction de sexe, d&rsquo;origine ethnique, de religion, de handicap, d&rsquo;orientation sexuelle, de classe sociale et d&rsquo;\u00e2ge. De l&rsquo;avis de [&hellip;]","og_url":"https:\/\/voice.global\/fr\/la-politique-et-le-processus-de-denonciation\/","og_site_name":"Voice.Global","article_modified_time":"2021-09-30T10:24:15+00:00","twitter_card":"summary_large_image","twitter_misc":{"Dur\u00e9e de lecture estim\u00e9e":"4 minutes"},"schema":{"@context":"https:\/\/schema.org","@graph":[{"@type":"WebPage","@id":"https:\/\/voice.global\/fr\/la-politique-et-le-processus-de-denonciation\/","url":"https:\/\/voice.global\/fr\/la-politique-et-le-processus-de-denonciation\/","name":"POLITIQUE & PROCESSUS DE DENONCIATION - Voice.Global","isPartOf":{"@id":"https:\/\/voice.global\/fr\/#website"},"datePublished":"2018-04-03T14:29:55+00:00","dateModified":"2021-09-30T10:24:15+00:00","breadcrumb":{"@id":"https:\/\/voice.global\/fr\/la-politique-et-le-processus-de-denonciation\/#breadcrumb"},"inLanguage":"fr-FR","potentialAction":[{"@type":"ReadAction","target":["https:\/\/voice.global\/fr\/la-politique-et-le-processus-de-denonciation\/"]}]},{"@type":"BreadcrumbList","@id":"https:\/\/voice.global\/fr\/la-politique-et-le-processus-de-denonciation\/#breadcrumb","itemListElement":[{"@type":"ListItem","position":1,"name":"Home","item":"https:\/\/voice.global\/fr\/"},{"@type":"ListItem","position":2,"name":"POLITIQUE &#038; PROCESSUS DE DENONCIATION"}]},{"@type":"WebSite","@id":"https:\/\/voice.global\/fr\/#website","url":"https:\/\/voice.global\/fr\/","name":"Voice.Global","description":"Include - Innovate - Influence","potentialAction":[{"@type":"SearchAction","target":{"@type":"EntryPoint","urlTemplate":"https:\/\/voice.global\/fr\/?s={search_term_string}"},"query-input":{"@type":"PropertyValueSpecification","valueRequired":true,"valueName":"search_term_string"}}],"inLanguage":"fr-FR"}]}},"_links":{"self":[{"href":"https:\/\/voice.global\/fr\/wp-json\/wp\/v2\/pages\/2419","targetHints":{"allow":["GET"]}}],"collection":[{"href":"https:\/\/voice.global\/fr\/wp-json\/wp\/v2\/pages"}],"about":[{"href":"https:\/\/voice.global\/fr\/wp-json\/wp\/v2\/types\/page"}],"author":[{"embeddable":true,"href":"https:\/\/voice.global\/fr\/wp-json\/wp\/v2\/users\/1"}],"replies":[{"embeddable":true,"href":"https:\/\/voice.global\/fr\/wp-json\/wp\/v2\/comments?post=2419"}],"version-history":[{"count":5,"href":"https:\/\/voice.global\/fr\/wp-json\/wp\/v2\/pages\/2419\/revisions"}],"predecessor-version":[{"id":15467,"href":"https:\/\/voice.global\/fr\/wp-json\/wp\/v2\/pages\/2419\/revisions\/15467"}],"wp:attachment":[{"href":"https:\/\/voice.global\/fr\/wp-json\/wp\/v2\/media?parent=2419"}],"curies":[{"name":"wp","href":"https:\/\/api.w.org\/{rel}","templated":true}]}}