{"version":"1.0","provider_name":"Voice.Global","provider_url":"https:\/\/voice.global\/fr\/","author_name":"Kenneth Jura","author_url":"https:\/\/voice.global\/fr\/author\/kenneth-jura\/","title":"Journ\u00e9e mondiale de lutte contre la maltraitance des personnes \u00e2g\u00e9es \u00e0 Ill\u00e9la - Voice.Global","type":"rich","width":600,"height":338,"html":"<blockquote class=\"wp-embedded-content\" data-secret=\"mohou828C5\"><a href=\"https:\/\/voice.global\/fr\/blog\/celebration-journee-agees\/\">Journ\u00e9e mondiale de lutte contre la maltraitance des personnes \u00e2g\u00e9es \u00e0 Ill\u00e9la<\/a><\/blockquote><iframe sandbox=\"allow-scripts\" security=\"restricted\" src=\"https:\/\/voice.global\/fr\/blog\/celebration-journee-agees\/embed\/#?secret=mohou828C5\" width=\"600\" height=\"338\" title=\"\u00ab\u00a0Journ\u00e9e mondiale de lutte contre la maltraitance des personnes \u00e2g\u00e9es \u00e0 Ill\u00e9la\u00a0\u00bb &#8212; Voice.Global\" data-secret=\"mohou828C5\" frameborder=\"0\" marginwidth=\"0\" marginheight=\"0\" scrolling=\"no\" class=\"wp-embedded-content\"><\/iframe><script type=\"text\/javascript\">\n\/* <![CDATA[ *\/\n\/*! This file is auto-generated *\/\n!function(d,l){\"use strict\";l.querySelector&&d.addEventListener&&\"undefined\"!=typeof URL&&(d.wp=d.wp||{},d.wp.receiveEmbedMessage||(d.wp.receiveEmbedMessage=function(e){var t=e.data;if((t||t.secret||t.message||t.value)&&!\/[^a-zA-Z0-9]\/.test(t.secret)){for(var s,r,n,a=l.querySelectorAll('iframe[data-secret=\"'+t.secret+'\"]'),o=l.querySelectorAll('blockquote[data-secret=\"'+t.secret+'\"]'),c=new RegExp(\"^https?:$\",\"i\"),i=0;i<o.length;i++)o[i].style.display=\"none\";for(i=0;i<a.length;i++)s=a[i],e.source===s.contentWindow&&(s.removeAttribute(\"style\"),\"height\"===t.message?(1e3<(r=parseInt(t.value,10))?r=1e3:~~r<200&&(r=200),s.height=r):\"link\"===t.message&&(r=new URL(s.getAttribute(\"src\")),n=new URL(t.value),c.test(n.protocol))&&n.host===r.host&&l.activeElement===s&&(d.top.location.href=t.value))}},d.addEventListener(\"message\",d.wp.receiveEmbedMessage,!1),l.addEventListener(\"DOMContentLoaded\",function(){for(var e,t,s=l.querySelectorAll(\"iframe.wp-embedded-content\"),r=0;r<s.length;r++)(t=(e=s[r]).getAttribute(\"data-secret\"))||(t=Math.random().toString(36).substring(2,12),e.src+=\"#?secret=\"+t,e.setAttribute(\"data-secret\",t)),e.contentWindow.postMessage({message:\"ready\",secret:t},\"*\")},!1)))}(window,document);\n\/\/# sourceURL=https:\/\/voice.global\/wp-includes\/js\/wp-embed.min.js\n\/* ]]> *\/\n<\/script>\n","thumbnail_url":"https:\/\/voice.global\/assets\/2022\/06\/doleance-des-femmes-aupres-des-autorites-1.jpeg","thumbnail_width":999,"thumbnail_height":749,"description":"Par M. Abdoul Aziz Abouyaha, chef de projet ONG c\u0153ur Citoyen Acte isol\u00e9 ou r\u00e9p\u00e9t\u00e9, la maltraitance peut se manifester sous forme de violence ou de n\u00e9gligence caus\u00e9e par une absence d\u2019action appropri\u00e9e. Des nombreuses communaut\u00e9s \u00e0 travers le monde, marquent ce jour afin d\u2019accroitre la visibilit\u00e9 de ce probl\u00e8me, de partager des informations sur [&hellip;]"}